{"id":25618,"date":"2022-01-17T14:09:42","date_gmt":"2022-01-17T14:09:42","guid":{"rendered":"https:\/\/www.militanza.es\/?page_id=25618"},"modified":"2025-02-05T12:09:32","modified_gmt":"2025-02-05T11:09:32","slug":"sastreria-a-medida-militar","status":"publish","type":"page","link":"https:\/\/www.militanza.es\/index.php\/sastreria-a-medida-militar\/","title":{"rendered":"Sastrer\u00eda a medida"},"content":{"rendered":"<p>[et_pb_section fb_built=\u00bb1&#8243; disabled_on=\u00bboff|off|off\u00bb admin_label=\u00bbHeader Section\u00bb _builder_version=\u00bb4.27.4&#8243; background_color_gradient_start=\u00bbrgba(20,61,88,0.65)\u00bb background_color_gradient_end=\u00bb#143d58&#8243; background_image=\u00bbhttp:\/\/www.militanza.es\/wp-content\/uploads\/2025\/02\/encabezado-sastreria1-scaled.jpg\u00bb custom_margin=\u00bb|||\u00bb custom_padding=\u00bb6vw|0px|13vw|0px||\u00bb bottom_divider_color=\u00bbrgba(5,41,66,0.3)\u00bb bottom_divider_height=\u00bb20vw\u00bb animation_style=\u00bbslide\u00bb animation_direction=\u00bbtop\u00bb animation_intensity_slide=\u00bb3%\u00bb animation_starting_opacity=\u00bb100%\u00bb global_colors_info=\u00bb{}\u00bb][\/et_pb_section][et_pb_section fb_built=\u00bb1&#8243; specialty=\u00bbon\u00bb padding_top_1=\u00bb80px\u00bb padding_left_1=\u00bb12%\u00bb padding_1_tablet=\u00bb0px|10%||10%\u00bb padding_1_phone=\u00bb\u00bb padding_1_last_edited=\u00bbon|tablet\u00bb admin_label=\u00bbCommitment Section\u00bb _builder_version=\u00bb4.16&#8243; use_background_color_gradient=\u00bbon\u00bb background_color_gradient_direction=\u00bb90deg\u00bb background_color_gradient_stops=\u00bbrgba(242,246,249,0) 80%|#f2f6f9 80%\u00bb background_color_gradient_start=\u00bbrgba(242,246,249,0)\u00bb background_color_gradient_start_position=\u00bb80%\u00bb background_color_gradient_end=\u00bb#f2f6f9&#8243; background_color_gradient_end_position=\u00bb80%\u00bb width=\u00bb99.5%\u00bb inner_width=\u00bb100%\u00bb inner_max_width=\u00bb100%\u00bb custom_margin=\u00bb|||\u00bb custom_padding=\u00bb2px|28px|2px|0px||\u00bb animation_style=\u00bbslide\u00bb animation_direction=\u00bbright\u00bb animation_intensity_slide=\u00bb2%\u00bb use_custom_width=\u00bbon\u00bb width_unit=\u00bboff\u00bb custom_width_percent=\u00bb100%\u00bb global_colors_info=\u00bb{}\u00bb][et_pb_column type=\u00bb1_2&#8243; _builder_version=\u00bb4.16&#8243; custom_padding=\u00bb|||\u00bb global_colors_info=\u00bb{}\u00bb custom_padding__hover=\u00bb|||\u00bb][et_pb_blurb title=\u00bbSastrer\u00eda.\u00bb image=\u00bbhttp:\/\/www.militanza.es\/wp-content\/uploads\/2023\/01\/WhatsApp-Image-2023-01-13-at-11.08.56-6.jpeg\u00bb _builder_version=\u00bb4.27.4&#8243; _module_preset=\u00bbdefault\u00bb custom_padding=\u00bb|||0px||\u00bb global_colors_info=\u00bb{}\u00bb]<\/p>\n<p>En Militanza tenemos una amplia experiencia en la confecci\u00f3n de uniformes militares para Guardia Real, Ej\u00e9rcito de Tierra, Ej\u00e9rcito del Aire e Infanter\u00eda de Marina. Adem\u00e1s de galas y etiquetas para los Cuerpos y Fuerzas del Estado y asociaciones c\u00edvico-militares.<\/p>\n<p>Estos uniformes requieren de un proceso de confecci\u00f3n artesanal y a medida, que asegure la m\u00e1xima precisi\u00f3n y calidad en cada una de las prendas.<\/p>\n<p>Todos los uniformes institucionales pueden ser confeccionados como uniforme de primera comuni\u00f3n.<\/p>\n<p>[\/et_pb_blurb][\/et_pb_column][et_pb_column type=\u00bb1_2&#8243; specialty_columns=\u00bb2&#8243; _builder_version=\u00bb4.16&#8243; custom_padding=\u00bb|||\u00bb global_colors_info=\u00bb{}\u00bb custom_padding__hover=\u00bb|||\u00bb][et_pb_row_inner column_structure=\u00bb1_2,1_2&#8243; _builder_version=\u00bb4.27.4&#8243; _module_preset=\u00bbdefault\u00bb custom_padding=\u00bb78px|58px||||\u00bb global_colors_info=\u00bb{}\u00bb][et_pb_column_inner type=\u00bb1_2&#8243; saved_specialty_column_type=\u00bb1_2&#8243; _builder_version=\u00bb4.27.4&#8243; _module_preset=\u00bbdefault\u00bb global_colors_info=\u00bb{}\u00bb][et_pb_blurb title=\u00bbCamiser\u00eda a medida.\u00bb image=\u00bbhttp:\/\/www.militanza.es\/wp-content\/uploads\/2025\/02\/camiseria-provisional.jpg\u00bb _builder_version=\u00bb4.27.4&#8243; _module_preset=\u00bbdefault\u00bb global_colors_info=\u00bb{}\u00bb]<\/p>\n<p>Para completar una vestimenta perfecta se debe cuidar cada detalle. Las camisas a medida son fundamentales.<\/p>\n<p>[\/et_pb_blurb][et_pb_blurb title=\u00bbBordados a mano.\u00bb image=\u00bbhttp:\/\/www.militanza.es\/wp-content\/uploads\/2025\/02\/bordado-a-mano.jpg\u00bb _builder_version=\u00bb4.27.4&#8243; _module_preset=\u00bbdefault\u00bb global_colors_info=\u00bb{}\u00bb]<\/p>\n<p>El artesano debe llevar su oficio hasta su \u00faltima consecuencia y el bordado manual es una de nuestras especialidades.<\/p>\n<p>[\/et_pb_blurb][\/et_pb_column_inner][et_pb_column_inner type=\u00bb1_2&#8243; saved_specialty_column_type=\u00bb1_2&#8243; _builder_version=\u00bb4.27.4&#8243; _module_preset=\u00bbdefault\u00bb global_colors_info=\u00bb{}\u00bb][et_pb_blurb title=\u00bbComplementos.\u00bb image=\u00bbhttp:\/\/www.militanza.es\/wp-content\/uploads\/2025\/02\/complementos.jpg\u00bb _builder_version=\u00bb4.27.4&#8243; _module_preset=\u00bbdefault\u00bb global_colors_info=\u00bb{}\u00bb]<\/p>\n<p>Tras concebir y crear el atuendo perfecto, nos encargamos de guiar a nuestros clientes a trav\u00e9s del extenso mundo de los complementos.<\/p>\n<p>[\/et_pb_blurb][et_pb_blurb title=\u00bbEspecializaci\u00f3n y diversificaci\u00f3n.\u00bb image=\u00bbhttp:\/\/www.militanza.es\/wp-content\/uploads\/2025\/02\/varios.jpg\u00bb _builder_version=\u00bb4.27.4&#8243; _module_preset=\u00bbdefault\u00bb global_colors_info=\u00bb{}\u00bb]<\/p>\n<p>En Militanza nos preocupa cuidar al m\u00e1ximo nuestra versatilidad. Por ello realizamos trajes a medidas para bandas de m\u00fasica, militares, \u00f3rdenes religiosas y constituciones&#8230; Incluso novios o comuniones.<\/p>\n<p>[\/et_pb_blurb][\/et_pb_column_inner][\/et_pb_row_inner][\/et_pb_column][\/et_pb_section][et_pb_section fb_built=\u00bb1&#8243; admin_label=\u00bbFeatured Services Section\u00bb _builder_version=\u00bb4.16&#8243; custom_padding=\u00bb0px|0px|0px|0px\u00bb global_colors_info=\u00bb{}\u00bb][et_pb_row column_structure=\u00bb1_3,1_3,1_3&#8243; use_custom_gutter=\u00bbon\u00bb gutter_width=\u00bb1&#8243; make_equal=\u00bbon\u00bb admin_label=\u00bbServices Row\u00bb module_class=\u00bb et_pb_row_fullwidth\u00bb _builder_version=\u00bb4.27.4&#8243; width=\u00bb100%\u00bb width_tablet=\u00bb100%\u00bb width_phone=\u00bb100%\u00bb width_last_edited=\u00bbon|desktop\u00bb max_width=\u00bb100%\u00bb max_width_tablet=\u00bb100%\u00bb max_width_phone=\u00bb100%\u00bb max_width_last_edited=\u00bbon|desktop\u00bb custom_padding=\u00bb|0px|0px|0px\u00bb hover_enabled=\u00bb0&#8243; make_fullwidth=\u00bbon\u00bb global_colors_info=\u00bb{}\u00bb sticky_enabled=\u00bb0&#8243;][et_pb_column type=\u00bb1_3&#8243; _builder_version=\u00bb4.27.4&#8243; use_background_color_gradient=\u00bbon\u00bb background_color_gradient_stops=\u00bbrgba(142,182,222,0.2) 55%|#2d2d2d 100%\u00bb background_color_gradient_overlays_image=\u00bbon\u00bb background_color_gradient_start=\u00bbrgba(142,182,222,0.2)\u00bb background_color_gradient_start_position=\u00bb55%\u00bb background_color_gradient_end=\u00bb#2d2d2d\u00bb background_image=\u00bbhttp:\/\/www.militanza.es\/wp-content\/uploads\/2025\/02\/traje-militar-scaled.jpg\u00bb custom_padding=\u00bb30%|||\u00bb hover_enabled=\u00bb0&#8243; global_colors_info=\u00bb{}\u00bb custom_padding__hover=\u00bb|||\u00bb title_text=\u00bbtraje militar\u00bb sticky_enabled=\u00bb0&#8243;][et_pb_text admin_label=\u00bbTitle\u00bb _builder_version=\u00bb4.16&#8243; text_font=\u00bbMontserrat||||||||\u00bb text_font_size=\u00bb17px\u00bb text_line_height=\u00bb2.2em\u00bb header_font=\u00bb||||||||\u00bb header_3_font=\u00bbMontserrat|600|||||||\u00bb header_3_font_size=\u00bb24px\u00bb header_3_line_height=\u00bb1.5em\u00bb background_layout=\u00bbdark\u00bb custom_margin=\u00bb|70px|30px|90px\u00bb custom_padding=\u00bb|||\u00bb global_colors_info=\u00bb{}\u00bb]<\/p>\n<h3>Uniformes militares<\/h3>\n<p>Uniformes de gala y de diario para Fuerzas y Cuerpos del Estado, Guardia Real, Ej\u00e9rcitos&#8230;<\/p>\n<p>[\/et_pb_text][\/et_pb_column][et_pb_column type=\u00bb1_3&#8243; _builder_version=\u00bb4.27.4&#8243; use_background_color_gradient=\u00bbon\u00bb background_color_gradient_stops=\u00bbrgba(142,182,222,0.2) 55%|#2d2d2d 100%\u00bb background_color_gradient_overlays_image=\u00bbon\u00bb background_color_gradient_start=\u00bbrgba(142,182,222,0.2)\u00bb background_color_gradient_start_position=\u00bb55%\u00bb background_color_gradient_end=\u00bb#2d2d2d\u00bb background_image=\u00bbhttp:\/\/www.militanza.es\/wp-content\/uploads\/2025\/02\/traje-civico-1-scaled.jpg\u00bb custom_padding=\u00bb30%|||\u00bb global_colors_info=\u00bb{}\u00bb custom_padding__hover=\u00bb|||\u00bb][et_pb_text admin_label=\u00bbTitle\u00bb _builder_version=\u00bb4.16&#8243; text_font=\u00bbMontserrat||||||||\u00bb text_font_size=\u00bb17px\u00bb text_line_height=\u00bb2.2em\u00bb header_font=\u00bb||||||||\u00bb header_3_font=\u00bbMontserrat|600|||||||\u00bb header_3_font_size=\u00bb24px\u00bb header_3_line_height=\u00bb1.5em\u00bb background_layout=\u00bbdark\u00bb custom_margin=\u00bb|70px|30px|90px\u00bb custom_padding=\u00bb|||\u00bb global_colors_info=\u00bb{}\u00bb]<\/p>\n<h3>C\u00edvico-militares<\/h3>\n<p>Uniformes y trajes de gala para todo tipo de agrupaciones c\u00edvico-militares.<\/p>\n<p>[\/et_pb_text][\/et_pb_column][et_pb_column type=\u00bb1_3&#8243; _builder_version=\u00bb4.27.4&#8243; use_background_color_gradient=\u00bbon\u00bb background_color_gradient_stops=\u00bbrgba(142,182,222,0.2) 55%|#2d2d2d 100%\u00bb background_color_gradient_overlays_image=\u00bbon\u00bb background_color_gradient_start=\u00bbrgba(142,182,222,0.2)\u00bb background_color_gradient_start_position=\u00bb55%\u00bb background_color_gradient_end=\u00bb#2d2d2d\u00bb background_image=\u00bbhttp:\/\/www.militanza.es\/wp-content\/uploads\/2025\/02\/traje-bandas-scaled.jpg\u00bb custom_padding=\u00bb30%|||\u00bb global_colors_info=\u00bb{}\u00bb custom_padding__hover=\u00bb|||\u00bb][et_pb_text admin_label=\u00bbTitle\u00bb _builder_version=\u00bb4.16&#8243; text_font=\u00bbMontserrat||||||||\u00bb text_font_size=\u00bb17px\u00bb text_line_height=\u00bb2.2em\u00bb header_font=\u00bb||||||||\u00bb header_3_font=\u00bbMontserrat|600|||||||\u00bb header_3_font_size=\u00bb24px\u00bb header_3_line_height=\u00bb1.5em\u00bb background_layout=\u00bbdark\u00bb custom_margin=\u00bb|70px|30px|90px\u00bb custom_padding=\u00bb|||\u00bb locked=\u00bboff\u00bb global_colors_info=\u00bb{}\u00bb]<\/p>\n<h3>Bandas de m\u00fasica<\/h3>\n<p>Uniformamos a toda la agrupaci\u00f3n musical, para conseguir una imagen corporativa unificada. Todos al un\u00edsono.<\/p>\n<p>[\/et_pb_text][\/et_pb_column][\/et_pb_row][\/et_pb_section]<\/p>\n","protected":false},"excerpt":{"rendered":"<p>En Militanza tenemos una amplia experiencia en la confecci\u00f3n de uniformes militares para Guardia Real, Ej\u00e9rcito de Tierra, Ej\u00e9rcito del Aire e Infanter\u00eda de Marina. Adem\u00e1s de galas y etiquetas para los Cuerpos y Fuerzas del Estado y asociaciones c\u00edvico-militares. Estos uniformes requieren de un proceso de confecci\u00f3n artesanal y a medida, que asegure la [&hellip;]<\/p>\n","protected":false},"author":1,"featured_media":0,"parent":0,"menu_order":0,"comment_status":"closed","ping_status":"closed","template":"","meta":{"_et_pb_use_builder":"on","_et_pb_old_content":"","_et_gb_content_width":"","_monsterinsights_skip_tracking":false,"footnotes":""},"class_list":["post-25618","page","type-page","status-publish","hentry"],"yoast_head":"<!-- This site is optimized with the Yoast SEO plugin v28.4 - https:\/\/yoast.com\/product\/yoast-seo-wordpress\/ -->\n<title>Sastrer\u00eda a medida - Militanza<\/title>\n<meta name=\"description\" content=\"Sastrer\u00eda militar, uniformes de gala y diario para Fuerzas y Cuerpos del Estado, Ej\u00e9rcitos, Asociaciones c\u00edvico-militares y de comuni\u00f3n.\" \/>\n<meta name=\"robots\" content=\"index, follow, max-snippet:-1, max-image-preview:large, max-video-preview:-1\" \/>\n<link rel=\"canonical\" href=\"https:\/\/www.militanza.es\/index.php\/sastreria-a-medida-militar\/\" \/>\n<meta property=\"og:locale\" content=\"es_ES\" \/>\n<meta property=\"og:type\" content=\"article\" \/>\n<meta property=\"og:title\" content=\"Sastrer\u00eda a medida - Militanza\" \/>\n<meta property=\"og:description\" content=\"Sastrer\u00eda militar, uniformes de gala y diario para Fuerzas y Cuerpos del Estado, Ej\u00e9rcitos, Asociaciones c\u00edvico-militares y de comuni\u00f3n.\" \/>\n<meta property=\"og:url\" content=\"https:\/\/www.militanza.es\/index.php\/sastreria-a-medida-militar\/\" \/>\n<meta property=\"og:site_name\" content=\"Militanza\" \/>\n<meta property=\"article:modified_time\" content=\"2025-02-05T11:09:32+00:00\" \/>\n<meta name=\"twitter:card\" content=\"summary_large_image\" \/>\n<meta name=\"twitter:label1\" content=\"Tiempo de lectura\" \/>\n\t<meta name=\"twitter:data1\" content=\"3 minutos\" \/>\n<script type=\"application\/ld+json\" class=\"yoast-schema-graph\">{\"@context\":\"https:\\\/\\\/schema.org\",\"@graph\":[{\"@type\":\"WebPage\",\"@id\":\"https:\\\/\\\/www.militanza.es\\\/index.php\\\/sastreria-a-medida-militar\\\/\",\"url\":\"https:\\\/\\\/www.militanza.es\\\/index.php\\\/sastreria-a-medida-militar\\\/\",\"name\":\"Sastrer\u00eda a medida - Militanza\",\"isPartOf\":{\"@id\":\"https:\\\/\\\/www.militanza.es\\\/#website\"},\"datePublished\":\"2022-01-17T14:09:42+00:00\",\"dateModified\":\"2025-02-05T11:09:32+00:00\",\"description\":\"Sastrer\u00eda militar, uniformes de gala y diario para Fuerzas y Cuerpos del Estado, Ej\u00e9rcitos, Asociaciones c\u00edvico-militares y de comuni\u00f3n.\",\"breadcrumb\":{\"@id\":\"https:\\\/\\\/www.militanza.es\\\/index.php\\\/sastreria-a-medida-militar\\\/#breadcrumb\"},\"inLanguage\":\"es\",\"potentialAction\":[{\"@type\":\"ReadAction\",\"target\":[\"https:\\\/\\\/www.militanza.es\\\/index.php\\\/sastreria-a-medida-militar\\\/\"]}]},{\"@type\":\"BreadcrumbList\",\"@id\":\"https:\\\/\\\/www.militanza.es\\\/index.php\\\/sastreria-a-medida-militar\\\/#breadcrumb\",\"itemListElement\":[{\"@type\":\"ListItem\",\"position\":1,\"name\":\"Portada\",\"item\":\"https:\\\/\\\/www.militanza.es\\\/\"},{\"@type\":\"ListItem\",\"position\":2,\"name\":\"Sastrer\u00eda a medida\"}]},{\"@type\":\"WebSite\",\"@id\":\"https:\\\/\\\/www.militanza.es\\\/#website\",\"url\":\"https:\\\/\\\/www.militanza.es\\\/\",\"name\":\"Militanza\",\"description\":\"Uniformes militares y laborales\",\"publisher\":{\"@id\":\"https:\\\/\\\/www.militanza.es\\\/#organization\"},\"potentialAction\":[{\"@type\":\"SearchAction\",\"target\":{\"@type\":\"EntryPoint\",\"urlTemplate\":\"https:\\\/\\\/www.militanza.es\\\/?s={search_term_string}\"},\"query-input\":{\"@type\":\"PropertyValueSpecification\",\"valueRequired\":true,\"valueName\":\"search_term_string\"}}],\"inLanguage\":\"es\"},{\"@type\":\"Organization\",\"@id\":\"https:\\\/\\\/www.militanza.es\\\/#organization\",\"name\":\"Militanza\",\"url\":\"https:\\\/\\\/www.militanza.es\\\/\",\"logo\":{\"@type\":\"ImageObject\",\"inLanguage\":\"es\",\"@id\":\"https:\\\/\\\/www.militanza.es\\\/#\\\/schema\\\/logo\\\/image\\\/\",\"url\":\"https:\\\/\\\/www.militanza.es\\\/wp-content\\\/uploads\\\/2022\\\/02\\\/logo-militanza-bookly.jpg\",\"contentUrl\":\"https:\\\/\\\/www.militanza.es\\\/wp-content\\\/uploads\\\/2022\\\/02\\\/logo-militanza-bookly.jpg\",\"width\":406,\"height\":406,\"caption\":\"Militanza\"},\"image\":{\"@id\":\"https:\\\/\\\/www.militanza.es\\\/#\\\/schema\\\/logo\\\/image\\\/\"}}]}<\/script>\n<!-- \/ Yoast SEO plugin. -->","yoast_head_json":{"title":"Sastrer\u00eda a medida - Militanza","description":"Sastrer\u00eda militar, uniformes de gala y diario para Fuerzas y Cuerpos del Estado, Ej\u00e9rcitos, Asociaciones c\u00edvico-militares y de comuni\u00f3n.","robots":{"index":"index","follow":"follow","max-snippet":"max-snippet:-1","max-image-preview":"max-image-preview:large","max-video-preview":"max-video-preview:-1"},"canonical":"https:\/\/www.militanza.es\/index.php\/sastreria-a-medida-militar\/","og_locale":"es_ES","og_type":"article","og_title":"Sastrer\u00eda a medida - Militanza","og_description":"Sastrer\u00eda militar, uniformes de gala y diario para Fuerzas y Cuerpos del Estado, Ej\u00e9rcitos, Asociaciones c\u00edvico-militares y de comuni\u00f3n.","og_url":"https:\/\/www.militanza.es\/index.php\/sastreria-a-medida-militar\/","og_site_name":"Militanza","article_modified_time":"2025-02-05T11:09:32+00:00","twitter_card":"summary_large_image","twitter_misc":{"Tiempo de lectura":"3 minutos"},"schema":{"@context":"https:\/\/schema.org","@graph":[{"@type":"WebPage","@id":"https:\/\/www.militanza.es\/index.php\/sastreria-a-medida-militar\/","url":"https:\/\/www.militanza.es\/index.php\/sastreria-a-medida-militar\/","name":"Sastrer\u00eda a medida - Militanza","isPartOf":{"@id":"https:\/\/www.militanza.es\/#website"},"datePublished":"2022-01-17T14:09:42+00:00","dateModified":"2025-02-05T11:09:32+00:00","description":"Sastrer\u00eda militar, uniformes de gala y diario para Fuerzas y Cuerpos del Estado, Ej\u00e9rcitos, Asociaciones c\u00edvico-militares y de comuni\u00f3n.","breadcrumb":{"@id":"https:\/\/www.militanza.es\/index.php\/sastreria-a-medida-militar\/#breadcrumb"},"inLanguage":"es","potentialAction":[{"@type":"ReadAction","target":["https:\/\/www.militanza.es\/index.php\/sastreria-a-medida-militar\/"]}]},{"@type":"BreadcrumbList","@id":"https:\/\/www.militanza.es\/index.php\/sastreria-a-medida-militar\/#breadcrumb","itemListElement":[{"@type":"ListItem","position":1,"name":"Portada","item":"https:\/\/www.militanza.es\/"},{"@type":"ListItem","position":2,"name":"Sastrer\u00eda a medida"}]},{"@type":"WebSite","@id":"https:\/\/www.militanza.es\/#website","url":"https:\/\/www.militanza.es\/","name":"Militanza","description":"Uniformes militares y laborales","publisher":{"@id":"https:\/\/www.militanza.es\/#organization"},"potentialAction":[{"@type":"SearchAction","target":{"@type":"EntryPoint","urlTemplate":"https:\/\/www.militanza.es\/?s={search_term_string}"},"query-input":{"@type":"PropertyValueSpecification","valueRequired":true,"valueName":"search_term_string"}}],"inLanguage":"es"},{"@type":"Organization","@id":"https:\/\/www.militanza.es\/#organization","name":"Militanza","url":"https:\/\/www.militanza.es\/","logo":{"@type":"ImageObject","inLanguage":"es","@id":"https:\/\/www.militanza.es\/#\/schema\/logo\/image\/","url":"https:\/\/www.militanza.es\/wp-content\/uploads\/2022\/02\/logo-militanza-bookly.jpg","contentUrl":"https:\/\/www.militanza.es\/wp-content\/uploads\/2022\/02\/logo-militanza-bookly.jpg","width":406,"height":406,"caption":"Militanza"},"image":{"@id":"https:\/\/www.militanza.es\/#\/schema\/logo\/image\/"}}]}},"_links":{"self":[{"href":"https:\/\/www.militanza.es\/index.php\/wp-json\/wp\/v2\/pages\/25618","targetHints":{"allow":["GET"]}}],"collection":[{"href":"https:\/\/www.militanza.es\/index.php\/wp-json\/wp\/v2\/pages"}],"about":[{"href":"https:\/\/www.militanza.es\/index.php\/wp-json\/wp\/v2\/types\/page"}],"author":[{"embeddable":true,"href":"https:\/\/www.militanza.es\/index.php\/wp-json\/wp\/v2\/users\/1"}],"replies":[{"embeddable":true,"href":"https:\/\/www.militanza.es\/index.php\/wp-json\/wp\/v2\/comments?post=25618"}],"version-history":[{"count":19,"href":"https:\/\/www.militanza.es\/index.php\/wp-json\/wp\/v2\/pages\/25618\/revisions"}],"predecessor-version":[{"id":26016,"href":"https:\/\/www.militanza.es\/index.php\/wp-json\/wp\/v2\/pages\/25618\/revisions\/26016"}],"wp:attachment":[{"href":"https:\/\/www.militanza.es\/index.php\/wp-json\/wp\/v2\/media?parent=25618"}],"curies":[{"name":"wp","href":"https:\/\/api.w.org\/{rel}","templated":true}]}}